{"id":56,"date":"2017-05-04T06:48:35","date_gmt":"2017-05-04T04:48:35","guid":{"rendered":"http:\/\/nagybanhegyes.hu\/w\/?page_id=56"},"modified":"2017-05-08T15:44:25","modified_gmt":"2017-05-08T13:44:25","slug":"falunkrol","status":"publish","type":"page","link":"http:\/\/nagybanhegyes.hu\/w\/?page_id=56","title":{"rendered":"Falunkr\u00f3l"},"content":{"rendered":"<div>\n<div class=\"smalltext2\">Nagyb\u00e1nhegyes T\u00f6rt\u00e9nete &#8211; Lev\u00e9lt\u00e1ri annyag<\/div>\n<\/div>\n<div>\n<div class=\"smalltext\">\n<div class=\"cpage_body\">\n<map name=\"galeria1\">\n<area coords=\"1,1,200,200\" shape=\"rect\" href=\"http:\/\/www.nagybanhegyes.hu\/pagea87f.html?4#\">\n<area coords=\"200, 200, 250, 250\" shape=\"rect\" href=\"http:\/\/google.co.hu\/\" target=\"_blank\">\n<map name=\"galeria2\">\n<area coords=\"1,1,200,200\" shape=\"rect\" href=\"http:\/\/www.nagybanhegyes.hu\/pagea87f.html?4#\">\n<area coords=\"200, 200, 250, 250\" shape=\"rect\" href=\"http:\/\/google.co.hu\/\" target=\"_blank\">\n<p align=\"center\"><img loading=\"lazy\" title=\"Falunk terkepe\" src=\"http:\/\/www.nagybanhegyes.hu\/images\/toltelek\/nagybtrkpe.png\" usemap=\"#galeria1\" width=\"100\" height=\"100\" border=\"2\"><img loading=\"lazy\" title=\"Falunk ,megkozelitese\" src=\"http:\/\/www.nagybanhegyes.hu\/images\/toltelek\/terkep.jpg\" usemap=\"#galeria2\" width=\"100\" height=\"100\" border=\"2\"><\/p>\n<p align=\"justify\">B\u00e9k\u00e9s megye a d\u00e9l-alf\u00f6ldi r\u00e9gi\u00f3ba illeszkedve foly\u00f3k \u00e1ltal szabdalt s\u00edk ter\u00fcleten fekszik. E f\u00f6ldrajzi adotts\u00e1g d\u00f6nt\u0151en hat\u00e1rozta meg a ter\u00fclet lak\u00f3inak sors\u00e1t, hiszen ez kedvezett a mez\u0151gazdas\u00e1gnak, amely l\u00e9tfontoss\u00e1g\u00fa szerepet j\u00e1tszott \u00e9s j\u00e1tszik ma is a lakoss\u00e1g \u00e9let\u00e9ben. Ugyanakkor a k\u00f6z\u00e9pkorban l\u00e9trej\u00f6tt megyei szervezet biztos\u00edtott \u00e9vsz\u00e1zadokon kereszt\u00fcl integr\u00e1ci\u00f3s keretet az itt \u00e9l\u0151knek. A megye a k\u00f6z\u00e9pkori Magyarorsz\u00e1gon kialakult igazgat\u00e1si egys\u00e9g. A Szent Istv\u00e1n kor\u00e1ban l\u00e9trej\u00f6tt kir\u00e1lyi v\u00e1rmegy\u00e9t a 13. sz\u00e1zad m\u00e1sodik fel\u00e9ben a nemesi v\u00e1rmegye v\u00e1ltotta fel. A nemesi v\u00e1rmegye egyfel\u0151l ter\u00fclet\u00e9n \u00e9l\u0151 nemesek \u00f6nkorm\u00e1nyzati szervezete, m\u00e1sfel\u0151l a kir\u00e1lyi hatalom gyakorl\u00e1s\u00e1nak helyi k\u00e9pvisel\u0151je volt.<br \/>\nB\u00e9k\u00e9s megye a 13. sz\u00e1zad elej\u00e9n \u00f6n\u00e1ll\u00f3sult, majd a 14. sz\u00e1zad els\u0151 fel\u00e9ben a megy\u00e9ben is kialakult a nemesi v\u00e1rmegyei szervezet. Fontos mozzanat volt a gyulai uradalom l\u00e9trej\u00f6tte, amely 1403-ban Mar\u00f3ti J\u00e1nos macs\u00f3i b\u00e1n birtok\u00e1ba ker\u00fclt. A t\u00f6r\u00f6k megsz\u00e1ll\u00e1sig e k\u00e9t igazgat\u00e1si \u00e9s hatalmi centrum hat\u00e1rozta meg a megye sors\u00e1t.<br \/>\nGyula 1566-os ostroma ut\u00e1n a megh\u00f3d\u00edtott ter\u00fcletet a t\u00f6r\u00f6k\u00f6k ugyan beillesztett\u00e9k hatalmi rendszer\u00fckbe, de 1695-re a folyamatos h\u00e1bor\u00fak k\u00f6vetkezt\u00e9ben a megye szinte teljesen eln\u00e9ptelenedett.<br \/>\n1720-ban Harruckern J\u00e1nos Gy\u00f6rgy kapta meg a gyulai uradalmat a kincst\u00e1rt\u00f3l, aki magyar, n\u00e9met \u00e9s szlov\u00e1k nemzetis\u00e9g\u0171 jobb\u00e1gyokat telep\u00edtett birtok\u00e1ra. Ennek k\u00f6vetkezt\u00e9ben, az \u00fajratelep\u00fcl\u00e9s sor\u00e1n a megye soknemzetis\u00e9g\u0171v\u00e9 v\u00e1lt, ez azonban nem v\u00e1lt folyamatos konfliktusforr\u00e1ss\u00e1, hanem az egym\u00e1s mellett \u00e9l\u0151 k\u00fcl\u00f6nb\u00f6z\u0151 etnikumok k\u00f6z\u00f6s sorsa gondolkod\u00e1sukat is hasonl\u00f3v\u00e1 form\u00e1lta, \u00edgy a megye nemzetis\u00e9geire a b\u00e9k\u00e9s egym\u00e1s mellett \u00e9l\u00e9s volt mindig is a jellemz\u0151. Ugyanakkor a soksz\u00edn\u0171 nemzetis\u00e9g vall\u00e1si k\u00fcl\u00f6nb\u00f6z\u0151s\u00e9ggel is p\u00e1rosult. A k\u00fcl\u00f6nb\u00f6z\u0151 egyh\u00e1zaknak a k\u00f6z\u00f6ss\u00e9gek form\u00e1l\u00e1s\u00e1ban, illetve kultur\u00e1lis t\u00e9ren jutott nagy szerep. P\u00e9ld\u00e1ul az evang\u00e9likus lelk\u00e9szek kiemelked\u0151 iskolaszervez\u0151 munk\u00e1ja igen jelent\u0151s kultur\u00e1lis hozad\u00e9ka volt a kornak.<br \/>\nAz \u00fajratelep\u00fcl\u00e9s id\u0151szak\u00e1ban a megyei szervezet is \u00fajraalakult, az 1715. j\u00falius 23-i alakul\u00f3 k\u00f6zgy\u0171l\u00e9st\u0151l sz\u00e1m\u00edthatjuk a nemesi v\u00e1rmegye folyamatos m\u0171k\u00f6d\u00e9s\u00e9t. A k\u00f6zgy\u0171l\u00e9s, mint a nemess\u00e9g politikai \u00e9s \u00f6nkorm\u00e1nyzati szerve k\u00f6zigazgat\u00e1si feladatai mellett b\u00edr\u00e1skod\u00e1si funkci\u00f3ival is b\u00edrt, illetve szab\u00e1lyrendeleteket alkotott, melyek az \u00e9let minden ter\u00fclet\u00e9n \u00e9rintett\u00e9k.<br \/>\nA 18. sz\u00e1zadi regener\u00e1l\u00f3d\u00e1s k\u00f6vetkezt\u00e9ben a megye lak\u00f3inak sz\u00e1ma 1715-r\u0151l az 1780-as \u00e9vekre k\u00e9tezerr\u0151l \u00f6tezerre n\u0151tt. A lakoss\u00e1g gyarapod\u00e1sa, valamint a viszonylagos l\u00e9tbiztons\u00e1g mag\u00e1ban hordozta a tov\u00e1bbi fejl\u0151d\u00e9s lehet\u0151s\u00e9g\u00e9t. A 19. sz\u00e1zadot a megye szempontj\u00e1b\u00f3l, az orsz\u00e1g fejlettebb ter\u00fcleteihez val\u00f3 felz\u00e1rk\u00f3z\u00e1s korak\u00e9nt jellemezhetj\u00fck. 1830-as \u00e9vekben a megyei nemess\u00e9g a halad\u00f3 szellemet k\u00e9pviselte, b\u00e1r a szabads\u00e1gharc elbukott ugyan, de az 1867-es kiegyez\u00e9s ut\u00e1n az \u00e9let minden ter\u00fclet\u00e9n komoly el\u0151rel\u00e9p\u00e9s t\u00f6rt\u00e9nt. Az ekkoriban megindul\u00f3 foly\u00f3szab\u00e1lyoz\u00e1sok, vas\u00fat\u00e9p\u00edt\u00e9sek, illetve a kialakul\u00f3 hitel\u00e9let inspir\u00e1l\u00f3an hatottak a gazdas\u00e1gra \u00e9s a t\u00e1rsadalomra egyar\u00e1nt.<br \/>\nA h\u00e1bor\u00fa, majd Trianon \u2013 mely k\u00f6vetkezt\u00e9ben a megye az orsz\u00e1g k\u00f6zep\u00e9r\u0151l a keleti hat\u00e1rsz\u00e9lre ker\u00fclt \u2013 megakasztotta a kedvez\u0151bb adotts\u00e1g\u00fa ter\u00fcletek fel\u00e9 val\u00f3 integr\u00e1ci\u00f3t. Ez a t\u00e1rsadalmi, gazdas\u00e1gi t\u00f6r\u00e9s igen neh\u00e9z helyzetbe hozta az itt \u00e9l\u0151ket, a hat\u00e1s\u00e1t sajnos m\u00e9g ma is \u00e9rezz\u00fck.<br \/>\nNagyb\u00e1nhegyes t\u00f6rt\u00e9nete a fentebb v\u00e1zolt megyet\u00f6rt\u00e9nethez hasonl\u00f3an alakult, azzal egy\u00fctt, hogy a k\u00f6zs\u00e9g Csan\u00e1d megy\u00e9hez tartozott, s csak annak megsz\u0171n\u00e9sekor 1950-ben a mez\u0151kov\u00e1csh\u00e1zi j\u00e1r\u00e1s k\u00f6zs\u00e9geivel egy\u00fctt ker\u00fclt B\u00e9k\u00e9s megy\u00e9hez.<br \/>\nA telep\u00fcl\u00e9s nev\u00e9t val\u00f3sz\u00edn\u0171leg a m\u00e1r eml\u00edtett Mar\u00f3ti J\u00e1nos macs\u00f3i b\u00e1nnak k\u00f6sz\u00f6nheti, aki 1420 k\u00f6r\u00fcl alap\u00edtotta. Nev\u00e9t el\u0151sz\u00f6r, 1510-ben eml\u00edtik a Brandenburgi Gy\u00f6rgy \u0151rgr\u00f3fnak adom\u00e1nyozott gyulai uradalom r\u00e9szek\u00e9nt. A t\u00f6r\u00f6k h\u00f3d\u00edt\u00e1s idej\u00e9n 1558-ban a t\u00f6r\u00f6k ad\u00f3szed\u0151 64 h\u00e1zat \u00edrt \u00f6ssze a telep\u00fcl\u00e9sen. A falut 1596-ban puszt\u00edtott\u00e1k el teljesen t\u00f6r\u00f6k\u00f6k szolg\u00e1lat\u00e1ban \u00e1ll\u00f3 tat\u00e1r csapatok.<br \/>\nA t\u00f6r\u00f6k ki\u0171z\u00e9se ut\u00e1n a kincst\u00e1r kezel\u00e9s\u00e9ben l\u00e9v\u0151 puszt\u00e1n megjelentek a marh\u00e1ikkal gazd\u00e1lkod\u00f3 nagyb\u00e9rl\u0151k. 1839-ben 120 lakost \u00edrtak \u00f6ssze a b\u00e1nhegyesi puszt\u00e1n. A k\u00f6zs\u00e9get 1842-ben nagylaki szlov\u00e1k evang\u00e9likusokkal telep\u00edtette a kamara, ahol ezut\u00e1n k\u00f6telez\u0151 nagys\u00e1grendben doh\u00e1nyt termeltek. 1856-ban T\u00f3tkoml\u00f3sr\u00f3l, Nagylakr\u00f3l \u00e9s B\u00e9k\u00e9scsab\u00e1r\u00f3l \u00e9rkeztek \u00fajabb lakosok. Az alakul\u00f3 telep\u00fcl\u00e9s arculat\u00e1t d\u00f6nt\u0151en meghat\u00e1rozta telep\u00edtv\u00e9nyes jellege, illetve a t\u00falnyom\u00f3 r\u00e9szt szlov\u00e1k anyanyelv\u0171 lakoss\u00e1ga. A k\u00f6zs\u00e9get 1861-t\u0151l T\u00f3tb\u00e1nhegyesnek nevezt\u00e9k, a Nagyb\u00e1nhegyes nevet 1898-ban kapta. Az evang\u00e9likus egyh\u00e1zk\u00f6zs\u00e9g 1856-ban alakult, els\u0151 lelk\u00e9sze 1902-ig ifj. Kutlik J\u00e1nos volt.<br \/>\nA 20. sz\u00e1zad els\u0151 fel\u00e9ben r\u00f6gz\u00fclt a szoci\u00e1lisan h\u00e1tr\u00e1nyos birtokstrukt\u00fara, 1935-ben a nagyb\u00e1nhegyesi hat\u00e1r t\u00f6bb mint fele paraszti t\u00f6rpebirtokosok tulajdon\u00e1ban volt, az \u00e9letk\u00e9pes k\u00f6z\u00e9pbirtokok sz\u00e1ma meglehet\u0151sen kev\u00e9s volt. A mai k\u00f6zs\u00e9gter\u00fclet n\u00e9pess\u00e9ge 1941-ben volt a legmagasabb 3743 f\u0151.<br \/>\nAz 1946-ban megk\u00f6t\u00f6tt lakoss\u00e1gcsere-egyezm\u00e9ny k\u00f6vetkezt\u00e9ben 1947-ben a k\u00f6zs\u00e9g szlov\u00e1k lakoss\u00e1g\u00e1nak mintegy k\u00e9tharmada saj\u00e1t elhat\u00e1roz\u00e1s\u00e1b\u00f3l Csehszlov\u00e1ki\u00e1ba k\u00f6lt\u00f6z\u00f6tt. Hely\u00fckre a szlov\u00e1kiai V\u00e1gfarkasdr\u00f3l telep\u00edtettek katolikus \u00e9s reform\u00e1tus magyarokat. A kitelep\u00edt\u00e9s, valamint a h\u00e1bor\u00fa k\u00f6vetkezt\u00e9ben a k\u00f6zs\u00e9g lakoss\u00e1ga 1949-re 2570 f\u0151re, mintegy 31%-al cs\u00f6kkent.<br \/>\nNagyb\u00e1nhegyes p\u00e9ld\u00e1ja mutatja, hogy a nagypolitika \u00e1ltal okozott sebek, egym\u00e1s ir\u00e1nti meg\u00e9rt\u00e9ssel, \u00f6sszefog\u00e1ssal gy\u00f3gy\u00edthat\u00f3k<\/p>\n<\/map>\n<\/map>\n<\/div>\n<\/div>\n<\/div>\n","protected":false},"excerpt":{"rendered":"<p>Nagyb\u00e1nhegyes T\u00f6rt\u00e9nete &#8211; Lev\u00e9lt\u00e1ri annyag B\u00e9k\u00e9s megye a d\u00e9l-alf\u00f6ldi r\u00e9gi\u00f3ba illeszkedve foly\u00f3k \u00e1ltal szabdalt s\u00edk ter\u00fcleten fekszik. E f\u00f6ldrajzi adotts\u00e1g d\u00f6nt\u0151en hat\u00e1rozta meg a ter\u00fclet lak\u00f3inak sors\u00e1t, hiszen ez kedvezett a mez\u0151gazdas\u00e1gnak, amely l\u00e9tfontoss\u00e1g\u00fa szerepet j\u00e1tszott \u00e9s j\u00e1tszik ma is a lakoss\u00e1g \u00e9let\u00e9ben. Ugyanakkor a k\u00f6z\u00e9pkorban l\u00e9trej\u00f6tt megyei szervezet biztos\u00edtott \u00e9vsz\u00e1zadokon kereszt\u00fcl integr\u00e1ci\u00f3s keretet az [&hellip;]<\/p>\n","protected":false},"author":1,"featured_media":0,"parent":0,"menu_order":3,"comment_status":"closed","ping_status":"closed","template":"","meta":{"ngg_post_thumbnail":0,"_links_to":"","_links_to_target":""},"_links":{"self":[{"href":"http:\/\/nagybanhegyes.hu\/w\/index.php?rest_route=\/wp\/v2\/pages\/56"}],"collection":[{"href":"http:\/\/nagybanhegyes.hu\/w\/index.php?rest_route=\/wp\/v2\/pages"}],"about":[{"href":"http:\/\/nagybanhegyes.hu\/w\/index.php?rest_route=\/wp\/v2\/types\/page"}],"author":[{"embeddable":true,"href":"http:\/\/nagybanhegyes.hu\/w\/index.php?rest_route=\/wp\/v2\/users\/1"}],"replies":[{"embeddable":true,"href":"http:\/\/nagybanhegyes.hu\/w\/index.php?rest_route=%2Fwp%2Fv2%2Fcomments&post=56"}],"version-history":[{"count":2,"href":"http:\/\/nagybanhegyes.hu\/w\/index.php?rest_route=\/wp\/v2\/pages\/56\/revisions"}],"predecessor-version":[{"id":336,"href":"http:\/\/nagybanhegyes.hu\/w\/index.php?rest_route=\/wp\/v2\/pages\/56\/revisions\/336"}],"wp:attachment":[{"href":"http:\/\/nagybanhegyes.hu\/w\/index.php?rest_route=%2Fwp%2Fv2%2Fmedia&parent=56"}],"curies":[{"name":"wp","href":"https:\/\/api.w.org\/{rel}","templated":true}]}}