{"id":77,"date":"2017-05-04T07:58:06","date_gmt":"2017-05-04T07:58:06","guid":{"rendered":"http:\/\/nagybanhegyes.hu\/w\/?page_id=77"},"modified":"2017-05-06T05:00:49","modified_gmt":"2017-05-06T05:00:49","slug":"nevezetessegek","status":"publish","type":"page","link":"http:\/\/nagybanhegyes.hu\/w\/?page_id=77","title":{"rendered":"Nevezetess\u00e9gek"},"content":{"rendered":"<div><\/div>\n<div>\n<div class=\"smalltext\">\n<div class=\"cpage_body\">\n<table border=\"0\" width=\"100%\">\n<tr>\n<td>\n<table border=\"0\" align=\"left\">\n<tr>\n<td>\n<h3><strong>Evang\u00e9likus Templom<\/strong><\/h3>\n<\/td>\n<\/tr>\n<\/table>\n<\/td>\n<\/tr>\n<tr>\n<td>\n<table border=\"0\" align=\"left\" cellpadding=\"5\">\n<tr>\n<td align=\"center\"><img loading=\"lazy\" title=\"Evang\u00e9likus Templom\" src=\"http:\/\/www.nagybanhegyes.hu\/images\/toltelek\/evatemplom.jpg\" width=\"150\" height=\"200\" border=\"2\" \/><\/td>\n<td align=\"center\">\n<p align=\"justify\">Az 1895-ben felszentelt nagyb\u00e1nhegyesi evang\u00e9likus templom ektlektikus st\u00edlusban \u00e9p\u00fclt, homlokzati toronnyal, soksz\u00f6gz\u00e1r\u00f3d\u00e1s\u00fa szent\u00e9llyel. Krimm J\u00f3zsef nagylaki \u00e9p\u00edt\u00e9sz tervezte, s 19999 frt-nyi \u00e1raj\u00e1nlat\u00e1t fogadt\u00e1k el. 1922-ben a toronyra k\u00f6rbefut\u00f3<br \/>\nerk\u00e9lyt \u00e9p\u00edtettek. A toronysisak \u00f6tsz\u00f6r\u00f6s v\u00edzszintes tagol\u00e1sa k\u00fcl\u00f6n\u00f6sebb sz\u00e9p megold\u00e1s. K\u00f6zel\u00e9ben \u00e1ll az 1859-ben, k\u00e9s\u0151 klasszicista<br \/>\nst\u00edlusban \u00e9p\u00fclt evang\u00e9likus kistemplom \u00e9s magt\u00e1r, oszlopos portikusszal \u00e9s oromfallal d\u00edsz\u00edtett homlokzat\u00e1val.<br \/>\nKor\u00e1n tavasszal kezdt\u00e9k az \u00e9p\u00edtkez\u00e9st \u00e9s a felszentel\u00e9s 1895. december 22-\u00e9n , negyedik adventi vas\u00e1rnapon t\u00f6rt\u00e9nt.<br \/>\nA templom hossztengely\u00e9nek k\u00f6zepe egyhaj\u00f3s, d\u00e9li r\u00e9sze tornyos, melynek nagys\u00e1ga 47 m. Helye a k\u00f6zs\u00e9g k\u00f6zpontj\u00e1ban \u00e1ll, a par\u00f3kia \u00e9s az iskola k\u00f6z\u00f6tt, az imah\u00e1z mellett.<\/p>\n<\/td>\n<\/tr>\n<\/table>\n<\/td>\n<\/tr>\n<tr>\n<td>\n<table border=\"0\" align=\"left\"  cellpadding=\"5\">\n<tr>\n<td>\n<h3><strong>Chrenka Kast\u00e9ly<\/strong><\/h3>\n<\/td>\n<\/tr>\n<\/table>\n<\/td>\n<\/tr>\n<tr>\n<td>\n<table border=\"0\" align=\"right\"  cellpadding=\"5\">\n<tr>\n<td align=\"center\">\n<p align=\"justify\">Keller Gyul\u00e1r\u00f3l \u00e9p\u00edtette a telep\u00fcl\u00e9sen az egyetlen fennmaradt kast\u00e9lyt. Azt szerette volna, ha a vas\u00fat<br \/>\nNagyb\u00e1nhegyest \u00e9rintve k\u00f6zlekedik, de a k\u00f6z\u00e9pbirtokos urak ezt ellenezt\u00e9k. Ett\u0151l f\u00fcggetlen\u00fcl \u0151 meg\u00e9p\u00edtette az \u00e9p\u00fcletet, mint<br \/>\nvas\u00fat\u00e1llom\u00e1st. Mivel terve a vas\u00fattal kudarcba fulladt, \u0151 maga \u00e9lt a kast\u00e9lyban. Mivel j\u00f3m\u00f3d\u00fa ember volt, t\u00f6bben k\u00e9rtek t\u0151le k\u00f6lcs\u00f6n\u00f6ket,<br \/>\namiket soha nem kapott vissza. Elad\u00f3sodott. K\u00e9nytelen volt \u00f5 is k\u00f6lcs\u00f6nt k\u00e9rni dr. Chrenka Emilt\u00f5l, aki orvos volt. A k\u00f6lcs\u00f6nt \u00f5 sem<br \/>\ntudta megfizetni, ez\u00e9rt oda kellett adja a kast\u00e9ly\u00e1t. Keller Gyula egy kis h\u00e1zban halt meg a szomsz\u00e9dos Magyarb\u00e1nhegyesen<\/p>\n<\/td>\n<td align=\"center\"><img loading=\"lazy\" title=\"Chrenka Kast\u00e9ly\" src=\"http:\/\/www.nagybanhegyes.hu\/images\/toltelek\/ChrenkaKastely.jpg\" width=\"200\" height=\"150\" border=\"2\" \/><\/td>\n<\/tr>\n<\/table>\n<\/td>\n<\/tr>\n<tr>\n<td>\n<table border=\"0\" align=\"left\"  cellpadding=\"5\">\n<tr>\n<td>\n<h3><strong>Vil\u00e1gh\u00e1bor\u00fas Eml\u00e9km\u0171 (1938)<\/strong><\/h3>\n<\/td>\n<\/tr>\n<\/table>\n<\/td>\n<\/tr>\n<tr>\n<td>\n<table border=\"0\" align=\"left\"  cellpadding=\"8\" cellspacing=\"3\">\n<tr>\n<td align=\"center\"><img loading=\"lazy\" title=\"II. Vil\u00e1gh\u00e1bor\u00fas eml\u00e9km\u0171\" src=\"http:\/\/www.nagybanhegyes.hu\/images\/toltelek\/emlekmu.jpg\" width=\"150\" height=\"200\" border=\"2\" \/><\/td>\n<td align=\"center\">E SZOBOR AZOK EML\u00c9K\u00c9T HIRDESSE AKIK<br \/>\nNAGYB\u00c1NHEGYES K\u00d6ZS\u00c9GB\u0150L \u00c9S HAT\u00c1RAIB\u00d3L<br \/>\nINDULTAK EL A NAGY VIL\u00c1GH\u00c1BOR\u00daBA<br \/>\n\u00c9S ONN\u00c9T SOHA VISSZA NEM T\u00c9RTEK,<br \/>\n\u00c1LDOZV\u00c1N IFJ\u00da \u00c9LET\u00dcKET<br \/>\nA HAZ\u00c1\u00c9RT.<\/td>\n<\/tr>\n<\/table>\n<\/td>\n<\/tr>\n<tr>\n<td>\n<table border=\"0\" align=\"left\"  cellpadding=\"5\">\n<tr>\n<td>\n<h3><strong>Ker\u00e1mia d\u00edszk\u00fat<\/strong><\/h3>\n<\/td>\n<\/tr>\n<\/table>\n<\/td>\n<\/tr>\n<tr>\n<td>\n<table border=\"0\" align=\"left\"  cellpadding=\"5\">\n<tr>\n<td align=\"left\">Sz\u0151keS\u00e1ndor szobr\u00e1szm\u0171v\u00e9sz<br \/>\nNagyb\u00e1nhegyes, Erzs\u00e9bet kir\u00e1lyn\u00e9 utca<br \/>\nKer\u00e1mia d\u00edszk\u00fatm\u00e1zas, samottos ker\u00e1mia, 400 cm magas<br \/>\na medence: \u00fcvegmozaikkal burkolt beton, magass\u00e1ga 80 cm, \u00e1tm\u00e9r\u0151je 800 cm<\/td>\n<td align=\"center\">\n<p align=\"right\"><img loading=\"lazy\" title=\"Ker\u00e1mia d\u00edszk\u00fat\" src=\"http:\/\/www.nagybanhegyes.hu\/images\/toltelek\/szokokut.jpg\" width=\"200\" height=\"137\" border=\"2\" \/><\/p>\n<\/td>\n<\/tr>\n<\/table>\n<\/td>\n<\/tr>\n<\/table>\n<\/div>\n<\/div>\n<\/div>\n","protected":false},"excerpt":{"rendered":"<p>Evang\u00e9likus Templom Az 1895-ben felszentelt nagyb\u00e1nhegyesi evang\u00e9likus templom ektlektikus st\u00edlusban \u00e9p\u00fclt, homlokzati toronnyal, soksz\u00f6gz\u00e1r\u00f3d\u00e1s\u00fa szent\u00e9llyel. Krimm J\u00f3zsef nagylaki \u00e9p\u00edt\u00e9sz tervezte, s 19999 frt-nyi \u00e1raj\u00e1nlat\u00e1t fogadt\u00e1k el. 1922-ben a toronyra k\u00f6rbefut\u00f3 erk\u00e9lyt \u00e9p\u00edtettek. A toronysisak \u00f6tsz\u00f6r\u00f6s v\u00edzszintes tagol\u00e1sa k\u00fcl\u00f6n\u00f6sebb sz\u00e9p megold\u00e1s. K\u00f6zel\u00e9ben \u00e1ll az 1859-ben, k\u00e9s\u0151 klasszicista st\u00edlusban \u00e9p\u00fclt evang\u00e9likus kistemplom \u00e9s magt\u00e1r, oszlopos portikusszal \u00e9s [&hellip;]<\/p>\n","protected":false},"author":1,"featured_media":0,"parent":56,"menu_order":0,"comment_status":"closed","ping_status":"closed","template":"","meta":{"ngg_post_thumbnail":0,"_links_to":"","_links_to_target":""},"_links":{"self":[{"href":"http:\/\/nagybanhegyes.hu\/w\/index.php?rest_route=\/wp\/v2\/pages\/77"}],"collection":[{"href":"http:\/\/nagybanhegyes.hu\/w\/index.php?rest_route=\/wp\/v2\/pages"}],"about":[{"href":"http:\/\/nagybanhegyes.hu\/w\/index.php?rest_route=\/wp\/v2\/types\/page"}],"author":[{"embeddable":true,"href":"http:\/\/nagybanhegyes.hu\/w\/index.php?rest_route=\/wp\/v2\/users\/1"}],"replies":[{"embeddable":true,"href":"http:\/\/nagybanhegyes.hu\/w\/index.php?rest_route=%2Fwp%2Fv2%2Fcomments&post=77"}],"version-history":[{"count":5,"href":"http:\/\/nagybanhegyes.hu\/w\/index.php?rest_route=\/wp\/v2\/pages\/77\/revisions"}],"predecessor-version":[{"id":171,"href":"http:\/\/nagybanhegyes.hu\/w\/index.php?rest_route=\/wp\/v2\/pages\/77\/revisions\/171"}],"up":[{"embeddable":true,"href":"http:\/\/nagybanhegyes.hu\/w\/index.php?rest_route=\/wp\/v2\/pages\/56"}],"wp:attachment":[{"href":"http:\/\/nagybanhegyes.hu\/w\/index.php?rest_route=%2Fwp%2Fv2%2Fmedia&parent=77"}],"curies":[{"name":"wp","href":"https:\/\/api.w.org\/{rel}","templated":true}]}}