{"id":961,"date":"2020-06-09T22:54:33","date_gmt":"2020-06-09T20:54:33","guid":{"rendered":"http:\/\/nagybanhegyes.hu\/w\/?page_id=961"},"modified":"2020-06-15T12:16:11","modified_gmt":"2020-06-15T10:16:11","slug":"efop-3-9-2-16-2017-00027","status":"publish","type":"page","link":"http:\/\/nagybanhegyes.hu\/w\/?page_id=961","title":{"rendered":"EFOP-3.9.2-16-2017-00027"},"content":{"rendered":"<p style=\"text-align: center;\"><strong><a href=\"http:\/\/nagybanhegyes.hu\/w\/wp-content\/uploads\/2020\/06\/sz2020.png\"><img loading=\"lazy\" class=\"wp-image-971 alignleft\" src=\"http:\/\/nagybanhegyes.hu\/w\/wp-content\/uploads\/2020\/06\/sz2020.png\" alt=\"\" width=\"141\" height=\"50\" srcset=\"http:\/\/nagybanhegyes.hu\/w\/wp-content\/uploads\/2020\/06\/sz2020.png 342w, http:\/\/nagybanhegyes.hu\/w\/wp-content\/uploads\/2020\/06\/sz2020-300x106.png 300w\" sizes=\"(max-width: 141px) 100vw, 141px\" \/><\/a>Hum\u00e1n kapacit\u00e1sok fejleszt\u00e9se a helyi tud\u00e1st\u0151ke gyarap\u00edt\u00e1sa c\u00e9lj\u00e1b\u00f3l<\/strong><\/p>\n<p style=\"text-align: center;\"><strong>EFOP-3.9.2-16-2017-00027<a href=\"http:\/\/nagybanhegyes.hu\/w\/wp-content\/uploads\/2020\/06\/infoblokk_kedv_final_felso_cmyk_ESZA-1.jpg\"><img loading=\"lazy\" class=\"alignright wp-image-954\" src=\"http:\/\/nagybanhegyes.hu\/w\/wp-content\/uploads\/2020\/06\/infoblokk_kedv_final_felso_cmyk_ESZA-1.jpg\" alt=\"\" width=\"341\" height=\"236\" srcset=\"http:\/\/nagybanhegyes.hu\/w\/wp-content\/uploads\/2020\/06\/infoblokk_kedv_final_felso_cmyk_ESZA-1.jpg 1453w, http:\/\/nagybanhegyes.hu\/w\/wp-content\/uploads\/2020\/06\/infoblokk_kedv_final_felso_cmyk_ESZA-1-300x207.jpg 300w, http:\/\/nagybanhegyes.hu\/w\/wp-content\/uploads\/2020\/06\/infoblokk_kedv_final_felso_cmyk_ESZA-1-768x531.jpg 768w, http:\/\/nagybanhegyes.hu\/w\/wp-content\/uploads\/2020\/06\/infoblokk_kedv_final_felso_cmyk_ESZA-1-1024x708.jpg 1024w\" sizes=\"(max-width: 341px) 100vw, 341px\" \/><\/a><\/strong><\/p>\n<p><strong>A projekt alapadatai<\/strong><\/p>\n<p>Projekt k\u00f3dsz\u00e1ma: EFOP-3.9.2-16-2017-00027<\/p>\n<p>Projekt c\u00edme: \u201eHum\u00e1n kapacit\u00e1sok fejleszt\u00e9se a helyi tud\u00e1st\u0151ke gyarap\u00edt\u00e1sa c\u00e9lj\u00e1b\u00f3l\u201d<\/p>\n<p>Konzorciumi tagok: Orosh\u00e1za V\u00e1ros \u00d6nkorm\u00e1nyzata, B\u00e9k\u00e9s Megy\u00e9\u00e9rt V\u00e1llalkoz\u00e1sfejleszt\u00e9si Alap\u00edtv\u00e1ny, Kardosk\u00fat K\u00f6zs\u00e9g \u00d6nkorm\u00e1nyzata, Kaszaper K\u00f6zs\u00e9g \u00d6nkorm\u00e1nyzata, Kodol\u00e1nyi J\u00e1nos Egyetem, Nagyb\u00e1nhegyes K\u00f6zs\u00e9g \u00d6nkorm\u00e1nyzata, T\u00f3tkoml\u00f3s V\u00e1ros \u00d6nkorm\u00e1nyzata<\/p>\n<p>Meg\u00edt\u00e9lt t\u00e1mogat\u00e1s \u00f6sszege: 488.827.162 Ft<\/p>\n<p>T\u00e1mogat\u00e1si intenzit\u00e1s: 100%, vissza nem t\u00e9r\u00edtend\u0151 t\u00e1mogat\u00e1s<\/p>\n<p>Projektmegval\u00f3s\u00edt\u00e1s id\u0151szaka: 2018.01.01-2020.09.28.<\/p>\n<p style=\"text-align: left;\">Projekt logo: <a href=\"http:\/\/nagybanhegyes.hu\/w\/wp-content\/uploads\/2020\/06\/392_27_logo.jpg\"><img loading=\"lazy\" class=\" wp-image-953 alignnone\" src=\"http:\/\/nagybanhegyes.hu\/w\/wp-content\/uploads\/2020\/06\/392_27_logo-150x150.jpg\" alt=\"\" width=\"45\" height=\"45\" srcset=\"http:\/\/nagybanhegyes.hu\/w\/wp-content\/uploads\/2020\/06\/392_27_logo-150x150.jpg 150w, http:\/\/nagybanhegyes.hu\/w\/wp-content\/uploads\/2020\/06\/392_27_logo-300x300.jpg 300w, http:\/\/nagybanhegyes.hu\/w\/wp-content\/uploads\/2020\/06\/392_27_logo-768x769.jpg 768w, http:\/\/nagybanhegyes.hu\/w\/wp-content\/uploads\/2020\/06\/392_27_logo.jpg 1000w\" sizes=\"(max-width: 45px) 100vw, 45px\" \/><\/a><\/p>\n<p>2017 m\u00e1rcius\u00e1ban az EFOP-3.9.2-16-os \u201eHum\u00e1n kapacit\u00e1sok fejleszt\u00e9se t\u00e9rs\u00e9gi szeml\u00e9letben\u201d konstrukci\u00f3 p\u00e1ly\u00e1zati felh\u00edv\u00e1s\u00e1ra Orosh\u00e1za V\u00e1ros \u00d6nkorm\u00e1nyzata \u00e9s konzorciumi partnerei, a B\u00e9k\u00e9s Megy\u00e9\u00e9rt V\u00e1llalkoz\u00e1sfejleszt\u00e9si Alap\u00edtv\u00e1ny, Kardosk\u00fat K\u00f6zs\u00e9g \u00d6nkorm\u00e1nyzata, Kaszaper K\u00f6zs\u00e9g \u00d6nkorm\u00e1nyzata, a Kodol\u00e1nyi J\u00e1nos Egyetem, Nagyb\u00e1nhegyes K\u00f6zs\u00e9g \u00d6nkorm\u00e1nyzata \u00e9s T\u00f3tkoml\u00f3s V\u00e1ros \u00d6nkorm\u00e1nyzata t\u00e1mogat\u00e1si k\u00e9relmet ny\u00fajtott be, amelyet az Ir\u00e1ny\u00edt\u00f3 Hat\u00f3s\u00e1g az elb\u00edr\u00e1l\u00e1s sor\u00e1n t\u00e1mogat\u00e1sra \u00e9rdemesnek tal\u00e1lt, \u00e9s a megval\u00f3s\u00edt\u00e1sra 488.827.162 Ft vissza nem t\u00e9r\u00edtend\u0151 t\u00e1mogat\u00e1st \u00edt\u00e9lt meg a konzorcium sz\u00e1m\u00e1ra.<\/p>\n<p>A projekt megval\u00f3s\u00edt\u00e1sa 2018.01.01-j\u00e9n indult el az \u00f6t telep\u00fcl\u00e9sen.<\/p>\n<p>&nbsp;<\/p>\n<p><strong>A <\/strong><strong>Projekt\u00fcnk f\u0151 c\u00e9lja, hogy komplex m\u00f3don, t\u00e1mogassa a helyi hum\u00e1n kapacit\u00e1s fejleszt\u00e9s\u00e9t a min\u0151s\u00e9gi \u00e9s sz\u00e9lesebb r\u00e9tegek sz\u00e1m\u00e1ra el\u00e9rhet\u0151 k\u00f6zszolg\u00e1ltat\u00e1sok\u00e9rt.<\/strong> A hum\u00e1n k\u00f6zszolg\u00e1ltat\u00e1sok el\u00e9rhet\u0151s\u00e9ge \u00e9s magas szolg\u00e1ltat\u00e1si sz\u00ednvonala a lakoss\u00e1g teljes spektrum\u00e1t pozit\u00edvan \u00e9rinti legyen sz\u00f3 gyerekekr\u0151l, fiatalokr\u00f3l, csal\u00e1dokr\u00f3l ak\u00e1r.<\/p>\n<p>A megval\u00f3s\u00edt\u00e1sban kit\u0171z\u00f6tt r\u00e9szc\u00e9lok \u00e9s fejlesztend\u0151 ter\u00fcletek a k\u00f6vetkez\u0151k:<\/p>\n<ol>\n<li><strong> A hum\u00e1n szolg\u00e1ltat\u00f3i kult\u00fara fejleszt\u00e9se<\/strong><\/li>\n<\/ol>\n<p>A fejleszt\u00e9s t\u00f6bb tev\u00e9kenys\u00e9g egy\u00fcttes eredm\u00e9nyek\u00e9nt fog megval\u00f3sulni. A projekttev\u00e9kenys\u00e9gek keretein bel\u00fcl felm\u00e9rj\u00fck a helyi szakember kapacit\u00e1st \u00e9s szaktud\u00e1s szintet \u00e9s a szakemberek sz\u00e1m\u00e1ra egy \u00fan. blended k\u00e9pz\u00e9sekb\u0151l \u00e1ll\u00f3 k\u00e9pz\u00e9si palett\u00e1t k\u00edn\u00e1lunk, melyen helyet kapnak az \u00f3vodapedag\u00f3gusok, a szem\u00e9lyes gondoskod\u00e1st v\u00e9gz\u0151 szakemberek \u00e9s a kultur\u00e1lis szakemberek sz\u00e1m\u00e1ra kifejlesztett k\u00e9pz\u00e9sek is. A blended k\u00e9pz\u00e9sek nagy el\u0151nye, hogy a k\u00e9pz\u00e9si folyamat nem k\u00f6t\u0151dik v\u00e9gig helyileg a tanteremhez, a k\u00e9pz\u00e9st ind\u00edt\u00f3 n\u00e9h\u00e1ny kontakt \u00f3ra ut\u00e1n a r\u00e9sztvev\u0151k a saj\u00e1t \u2013 sokszor egy\u00e9bk\u00e9nt is t\u00falzs\u00fafolt \u2013 id\u0151beoszt\u00e1sukhoz egy\u00e9nileg igazodva t\u00e1voktat\u00e1sban, saj\u00e1t otthonuk k\u00e9nyelm\u00e9ben, online saj\u00e1t\u00edthatj\u00e1k el az ismereteket \u00e9s a vizsg\u00e1zni is az online e-learning fel\u00fcleten tudnak. A szolg\u00e1ltat\u00e1sok min\u0151s\u00e9gi fejleszt\u00e9se mellett a projektben c\u00e9lk\u00e9nt fogalmaz\u00f3dik meg, hogy ezeket a szolg\u00e1ltat\u00e1sokat k\u00f6zelebb hozzuk a lakoss\u00e1g eg\u00e9sz\u00e9hez, javuljon az ismerts\u00e9g\u00fck, n\u00f6vekedjen az \u00e1ltal\u00e1nos bizalom az ir\u00e1nyukban (k\u00fcl\u00f6n\u00f6sen a gazdas\u00e1gi\/t\u00e1rsadalmi szempontb\u00f3l h\u00e1tr\u00e1nyos helyzet\u0171 lakoss\u00e1g r\u00e9sz\u00e9r\u0151l) \u00e9s \u00edgy v\u00e9gs\u0151 soron a kihaszn\u00e1lts\u00e1guk is.<\/p>\n<ol start=\"2\">\n<li><strong> Kapacit\u00e1sfejleszt\u00e9s a gyermekek \u00e9s fiatalok fejl\u0151d\u00e9se \u00e9s integr\u00e1ci\u00f3ja \u00e9rdek\u00e9ben<\/strong><\/li>\n<\/ol>\n<p>A fejleszt\u00e9s ezen r\u00e9sze a projekt egyik kiemelt c\u00e9lcsoportj\u00e1t jelent\u0151 fiatal lakoss\u00e1gra (az \u00f3vod\u00e1s kort\u00f3l kezdve a m\u00e9g tanulm\u00e1nyaikat folytat\u00f3 fiatal feln\u0151ttekig bez\u00e1r\u00f3lag) f\u00f3kusz\u00e1l. A legkisebb koroszt\u00e1lyt is \u00e9rinti \u00f3vodapedag\u00f3gusok tov\u00e1bbk\u00e9pz\u00e9se, m\u00e1sr\u00e9szt az \u00f3vodai szolg\u00e1ltat\u00e1sok b\u0151v\u00edt\u00e9se is sz\u00e1mottev\u0151, pl. mozg\u00e1sos \u00e9s meseter\u00e1pi\u00e1s fejleszt\u0151 foglalkoz\u00e1sok, eg\u00e9szs\u00e9gnapok szervez\u00e9se. Az iskol\u00e1skor\u00fa gyermekek tud\u00e1s\u00e1nak gyarap\u00edt\u00e1s\u00e1hoz a program iskol\u00e1n k\u00edv\u00fcli tev\u00e9kenys\u00e9gekkel j\u00e1rul hozz\u00e1, pl. p\u00e9nz\u00fcgyi, term\u00e9szetv\u00e9delmi \u00e9s term\u00e9szettudom\u00e1nyos szakk\u00f6r\u00f6k, el\u0151ad\u00e1sok stb. A specifikusc\u00e9l f\u0151k\u00e9nt a h\u00e1tr\u00e1nyos helyzet\u0171 tanul\u00f3k iskolai \u00e9s munkaer\u0151piaci \u00e9rv\u00e9nyes\u00fcl\u00e9s\u00e9nek n\u00f6vel\u00e9s\u00e9re helyezi a hangs\u00falyt. A j\u00f6v\u0151beni munkaer\u0151piaci es\u00e9lyek kiegyenl\u00edtettebb\u00e9 v\u00e1l\u00e1s\u00e1\u00e9rt a projekt keretein bel\u00fcl tov\u00e1bbtanul\u00e1si inform\u00e1ci\u00f3s f\u00f3rumokat szervez\u00fcnk \u00e9s \u00f6szt\u00f6nd\u00edjjal t\u00e1mogatjuk a h\u00e1tr\u00e1nyos helyzet\u0171 tanul\u00f3k iskolai el\u0151menetel\u00e9t, nyelvvizsga \u00e9s ECDL vizsga szerz\u00e9s\u00e9t.<\/p>\n<ol start=\"3\">\n<li><strong> Kommunik\u00e1ci\u00f3s kamp\u00e1ny a lakoss\u00e1g szeml\u00e9letform\u00e1l\u00e1sa \u00e9rdek\u00e9ben.<\/strong><\/li>\n<\/ol>\n<p>A projekt c\u00e9ljainak \u00e9s eredm\u00e9nyeinek kommunik\u00e1ci\u00f3ja mellett t\u00e1mogatja a hum\u00e1n szolg\u00e1ltat\u00f3szektorban a szakm\u00e1k k\u00f6z\u00f6tti egy\u00fcttm\u0171k\u00f6d\u00e9st, az elhelyezked\u00e9st seg\u00edt\u0151 szakmav\u00e1lt\u00e1st, a k\u00e9pz\u00e9seken val\u00f3 r\u00e9szv\u00e9telt, t\u00e1j\u00e9koztat\u00e1st ny\u00fajt az el\u00e9rhet\u0151 k\u00e9pz\u00e9si, kompetenciafejleszt\u00e9si programokr\u00f3l \u00e9s rendezv\u00e9nyekr\u0151l. A projektben r\u00e9sztvev\u0151 telep\u00fcl\u00e9seken t\u00f6bb alkalommal a lakoss\u00e1g teljes spektrum\u00e1t \u00e9s minden koroszt\u00e1ly\u00e1t megc\u00e9lz\u00f3 prevent\u00edv jelleg\u0171 eg\u00e9szs\u00e9gnapokat szervez\u00fcnk.<\/p>\n<p><strong>A projekt c\u00e9lcsoportjai<\/strong><\/p>\n<p>&#8211; a h\u00e1tr\u00e1nyos helyzet\u0171, akt\u00edv kor\u00fa lakoss\u00e1g,<\/p>\n<p>&#8211; a fiatalkor\u00fa lakoss\u00e1g,<\/p>\n<p>&#8211; a helyi k\u00f6zszolg\u00e1ltat\u00e1sban dolgoz\u00f3k illetve a potenci\u00e1lis alkalmazott jel\u00f6ltek,<\/p>\n<p>&#8211; tov\u00e1bb\u00e1 a nemzetis\u00e9gek<\/p>\n<p>A t\u00e1rsadalmi egy\u00fctt\u00e9l\u00e9s, felz\u00e1rk\u00f3z\u00e1s, k\u00f6z\u00f6ss\u00e9gfejleszt\u00e9s tekintet\u00e9ben c\u00e9lcsoportk\u00e9nt jelenik meg adott projekt hat\u00f3ter\u00fclet\u00e9n \u00e9l\u0151 teljes lakoss\u00e1g.<\/p>\n<p><strong>V\u00e1rt eredm\u00e9nyek \u00e9s hat\u00e1sok a c\u00e9lcsoportra n\u00e9zve:<\/strong><\/p>\n<p>A projekt eredm\u00e9nyek\u00e9nt a t\u00e9rs\u00e9gi lakoss\u00e1g tud\u00e1sszintj\u00e9nek \u00e1ltal\u00e1nos javul\u00e1sa v\u00e1rhat\u00f3. Ez\u00e1ltal cs\u00f6kkennek a t\u00e1rsadalmi h\u00e1tr\u00e1nyok, f\u0151k\u00e9nt a leszakad\u00f3 t\u00e1rsadalmi csoportok k\u00f6r\u00e9ben, ahol projekt\u00fcnkkel az iskolai lemorzsol\u00f3d\u00e1s cs\u00f6kkent\u00e9s\u00e9t, a be nem fejezett tanulm\u00e1nyok folytat\u00e1s\u00e1t, illetve &#8211; a prevenci\u00f3 \u00e9rdek\u00e9ben \u2013 az \u00e9rintettek kora gyermekkori fejleszt\u00e9s\u00e9t c\u00e9loztuk meg. Tov\u00e1bb\u00e1 a telep\u00fcl\u00e9sek \u00e9lhet\u0151s\u00e9ge is javul v\u00e1rhat\u00f3an, mert magasabb szint\u0171 k\u00f6zszolg\u00e1ltat\u00e1sokhoz jutnak. A lakoss\u00e1g t\u00e1rsadalmi felz\u00e1rk\u00f3zat\u00e1s\u00e1t seg\u00edti el\u0151 tov\u00e1bb\u00e1, hogy a projekt eredm\u00e9nyek\u00e9nt emelkedik a hum\u00e1n k\u00f6zszolg\u00e1ltat\u00e1sok kapacit\u00e1sa \u00e9s sz\u00ednvonala, mely, telep\u00fcl\u00e9si szoci\u00e1lis seg\u00edt\u0151k alkalmaz\u00e1s\u00e1val \u00e9s a t\u00e9rs\u00e9gi t\u00f6megk\u00f6zleked\u00e9s fejleszt\u00e9s\u00e9re ir\u00e1nyul\u00f3 tervez\u00e9ssel mindenki sz\u00e1m\u00e1ra egyenl\u0151 es\u00e9llyel v\u00e1lik hozz\u00e1f\u00e9rhet\u0151v\u00e9. A projekt elv\u00e1rt eredm\u00e9nye, hogy a hum\u00e1n szolg\u00e1ltat\u00f3 szakemberek holisztikusan gondolkodjanak, ez\u00e1ltal biztos\u00edtva az egy\u00e9n \u00e9rdekeit f\u00fcggetlen\u00fcl att\u00f3l, hogy probl\u00e9m\u00e1ja mely szakter\u00fclethez tartozik. A hum\u00e1n szolg\u00e1ltat\u00f3 szakemberek k\u00e9pzetts\u00e9g\u00e9nek \u00e9s kompetenci\u00e1inak fejl\u0151d\u00e9se a speci\u00e1lis egy\u00e9ni sz\u00fcks\u00e9gletek kiel\u00e9g\u00edt\u00e9s\u00e9t szolg\u00e1lja majd.<\/p>\n<p>A megval\u00f3s\u00edt\u00e1si ter\u00fcleten \u00e9l\u0151 h\u00e1tr\u00e1nyos helyzet\u0171 csal\u00e1dokra pozit\u00edv hat\u00e1st fejt ki a gyerekek iskolai \u00e9s munkaer\u0151piaci \u00e9rv\u00e9nyes\u00fcl\u00e9s\u00e9nek seg\u00edt\u00e9se. A sikeres munkaer\u0151piaci integr\u00e1ci\u00f3 egyfel\u0151l a v\u00e9gzetts\u00e9get nem szerzett fiatalok r\u00e9sz\u00e9re ny\u00fajt seg\u00edts\u00e9get a munkaer\u0151piacon val\u00f3 elhelyezked\u00e9shez, m\u00e1sfel\u0151l az informatikai \u00e9s nyelvi k\u00e9szs\u00e9gek, ismeretek fejleszt\u00e9s\u00e9t biztos\u00edtja a di\u00e1kok r\u00e9sz\u00e9re, szint\u00e9n a sikeres munkaer\u0151piaci intergr\u00e1ci\u00f3 c\u00e9lj\u00e1b\u00f3l.<\/p>\n<p>A k\u00f6z\u00e9piskol\u00e1sok munkaer\u0151piaci inform\u00e1ci\u00f3kon munkatapasztalaton t\u00fal munkamotiv\u00e1ci\u00f3t szereznek a k\u00e9pz\u00e9s eredm\u00e9nyek\u00e9nt. \u00d6szt\u00f6nd\u00edjlehet\u0151s\u00e9gek biztos\u00edt\u00e1s\u00e1val k\u00edv\u00e1njuk tanul\u00f3k motiv\u00e1ci\u00f3j\u00e1t fenntartani, ez\u00e1ltal a v\u00e9gz\u00e9st n\u00e9lk\u00fcli, id\u0151 el\u0151tti lemorzsol\u00f3d\u00e1st cs\u00f6kkenteni. A tan\u00f3r\u00e1kon t\u00fal szem\u00e9lyis\u00e9g- \u00e9s kompetenciafejleszt\u0151 tev\u00e9kenys\u00e9gek megszervez\u00e9se \u00e1ltal k\u00edv\u00e1njuk h\u00e1tr\u00e1nyos helyzet\u0171 gyerekek p\u00e9nz\u00fcgyi tudatoss\u00e1g\u00e1t, a fenntarthat\u00f3 fejl\u0151d\u00e9s ir\u00e1nti fog\u00e9konys\u00e1g\u00e1t \u00e9s az eg\u00e9szs\u00e9ges \u00e9letm\u00f3d ir\u00e1nti ig\u00e9nye. A projekt hozz\u00e1j\u00e1rul tov\u00e1bb\u00e1 az \u00f3vod\u00e1b\u00f3l kiszorul\u00f3 gyerekek ar\u00e1ny\u00e1nak cs\u00f6kkent\u00e9s\u00e9hez, mely k\u00fcl\u00f6n\u00f6sen a halmozottan h\u00e1tr\u00e1nyos helyzet\u0171 lakoss\u00e1g k\u00f6r\u00e9ben jellemz\u0151.<\/p>\n<p>Az \u00f3vodapedag\u00f3gusok kompetenciafejleszt\u00e9se a korai fejleszt\u00e9s eredm\u00e9nyess\u00e9g\u00e9nek n\u00f6vel\u00e9s\u00e9t szolg\u00e1lja, vagyis azt a c\u00e9lt szolg\u00e1lja, hogy a t\u00e1rsadalmi h\u00e1tr\u00e1nyok lehet\u0151 legnagyobb m\u00e9rt\u00e9kben lek\u00fczdhet\u0151v\u00e9 v\u00e1ljanak kisgyermekkorban. A gyerekek testi \u00e9s lelki eg\u00e9szs\u00e9g\u00e9nek fejleszt\u00e9se \u00e1ltal a sz\u00fcl\u0151kkel t\u00f6rt\u00e9n\u0151 egy\u00fcttnevel\u00e9s is megval\u00f3sul, ez\u00e1ltal nem csak a gyerekek, de a sz\u00fcl\u0151k vonatkoz\u00e1s\u00e1ban is kifejtve kedvez\u0151 hat\u00e1sait. El\u0151seg\u00edti a sz\u00fcl\u0151k ir\u00e1nti k\u00f6t\u0151d\u00e9s meger\u0151s\u00edt\u00e9s\u00e9t, a fejleszti a k\u00fcl\u00f6nb\u00f6z\u0151 szoci\u00e1lis k\u00e9szs\u00e9geket, tov\u00e1bb\u00e1 er\u0151s\u00edti a gyerekekben a nyitotts\u00e1g, a tolerancia \u00e9s emp\u00e1tia fejl\u0151d\u00e9s\u00e9t.<\/p>\n<p>A program c\u00e9lja, hogy cs\u00f6kkentse az \u00f3vodai \u00e9s iskolai lemorzsol\u00f3d\u00e1st \u00e9s el\u0151seg\u00edtse a c\u00e9lcsoport munkaer\u0151piacon t\u00f6rt\u00e9n\u0151 sikeres elhelyezked\u00e9s\u00e9t egy-egy v\u00e9gzetts\u00e9g megszerz\u00e9s\u00e9vel. Ez\u00e1ltal megteremt\u0151dnek tov\u00e1bb\u00e1 egy minden sz\u00e1m\u00e1ra hozz\u00e1f\u00e9rhet\u0151, magas sz\u00ednvonal\u00fa \u00e9s a h\u00e1tr\u00e1nyos helyzet\u00fa gyerekek felz\u00e1rk\u00f3ztat\u00e1s\u00e1t eredm\u00e9nyesen t\u00e1mogatni tud\u00f3 hum\u00e1n szolg\u00e1ltat\u00f3 rendszer m\u0171k\u00f6d\u00e9si alapjai.<\/p>\n<p>Fentiek alapj\u00e1n l\u00e1that\u00f3, hogy a v\u00e1rt eredm\u00e9nyek az egy\u00e9nek, a csal\u00e1dok szintj\u00e9n t\u00fal a telep\u00fcl\u00e9sek hum\u00e1n szolg\u00e1ltat\u00e1si rendszer\u00e9nek szintj\u00e9n is megmutatkoznak.<a href=\"http:\/\/nagybanhegyes.hu\/w\/wp-content\/uploads\/2020\/06\/szechenyi2020.jpg\"><img loading=\"lazy\" class=\"alignright wp-image-964 size-full\" src=\"http:\/\/nagybanhegyes.hu\/w\/wp-content\/uploads\/2020\/06\/szechenyi2020.jpg\" alt=\"\" width=\"429\" height=\"296\" srcset=\"http:\/\/nagybanhegyes.hu\/w\/wp-content\/uploads\/2020\/06\/szechenyi2020.jpg 429w, http:\/\/nagybanhegyes.hu\/w\/wp-content\/uploads\/2020\/06\/szechenyi2020-300x207.jpg 300w\" sizes=\"(max-width: 429px) 100vw, 429px\" \/><\/a><\/p>\n<p>&nbsp;<\/p>\n","protected":false},"excerpt":{"rendered":"<p>Hum\u00e1n kapacit\u00e1sok fejleszt\u00e9se a helyi tud\u00e1st\u0151ke gyarap\u00edt\u00e1sa c\u00e9lj\u00e1b\u00f3l EFOP-3.9.2-16-2017-00027 A projekt alapadatai Projekt k\u00f3dsz\u00e1ma: EFOP-3.9.2-16-2017-00027 Projekt c\u00edme: \u201eHum\u00e1n kapacit\u00e1sok fejleszt\u00e9se a helyi tud\u00e1st\u0151ke gyarap\u00edt\u00e1sa c\u00e9lj\u00e1b\u00f3l\u201d Konzorciumi tagok: Orosh\u00e1za V\u00e1ros \u00d6nkorm\u00e1nyzata, B\u00e9k\u00e9s Megy\u00e9\u00e9rt V\u00e1llalkoz\u00e1sfejleszt\u00e9si Alap\u00edtv\u00e1ny, Kardosk\u00fat K\u00f6zs\u00e9g \u00d6nkorm\u00e1nyzata, Kaszaper K\u00f6zs\u00e9g \u00d6nkorm\u00e1nyzata, Kodol\u00e1nyi J\u00e1nos Egyetem, Nagyb\u00e1nhegyes K\u00f6zs\u00e9g \u00d6nkorm\u00e1nyzata, T\u00f3tkoml\u00f3s V\u00e1ros \u00d6nkorm\u00e1nyzata Meg\u00edt\u00e9lt t\u00e1mogat\u00e1s \u00f6sszege: 488.827.162 Ft T\u00e1mogat\u00e1si [&hellip;]<\/p>\n","protected":false},"author":1,"featured_media":0,"parent":28,"menu_order":0,"comment_status":"closed","ping_status":"closed","template":"","meta":{"ngg_post_thumbnail":0,"_links_to":"","_links_to_target":""},"_links":{"self":[{"href":"http:\/\/nagybanhegyes.hu\/w\/index.php?rest_route=\/wp\/v2\/pages\/961"}],"collection":[{"href":"http:\/\/nagybanhegyes.hu\/w\/index.php?rest_route=\/wp\/v2\/pages"}],"about":[{"href":"http:\/\/nagybanhegyes.hu\/w\/index.php?rest_route=\/wp\/v2\/types\/page"}],"author":[{"embeddable":true,"href":"http:\/\/nagybanhegyes.hu\/w\/index.php?rest_route=\/wp\/v2\/users\/1"}],"replies":[{"embeddable":true,"href":"http:\/\/nagybanhegyes.hu\/w\/index.php?rest_route=%2Fwp%2Fv2%2Fcomments&post=961"}],"version-history":[{"count":13,"href":"http:\/\/nagybanhegyes.hu\/w\/index.php?rest_route=\/wp\/v2\/pages\/961\/revisions"}],"predecessor-version":[{"id":987,"href":"http:\/\/nagybanhegyes.hu\/w\/index.php?rest_route=\/wp\/v2\/pages\/961\/revisions\/987"}],"up":[{"embeddable":true,"href":"http:\/\/nagybanhegyes.hu\/w\/index.php?rest_route=\/wp\/v2\/pages\/28"}],"wp:attachment":[{"href":"http:\/\/nagybanhegyes.hu\/w\/index.php?rest_route=%2Fwp%2Fv2%2Fmedia&parent=961"}],"curies":[{"name":"wp","href":"https:\/\/api.w.org\/{rel}","templated":true}]}}